{"id":1209,"date":"2020-12-18T22:12:12","date_gmt":"2020-12-18T21:12:12","guid":{"rendered":"https:\/\/soanimation.fr\/?page_id=1209"},"modified":"2021-01-04T15:42:42","modified_gmt":"2021-01-04T14:42:42","slug":"foire-aux-questions","status":"publish","type":"page","link":"https:\/\/soanimation.fr\/index.php\/sinscrire\/foire-aux-questions\/","title":{"rendered":"Foire aux questions"},"content":{"rendered":"\t\t<div data-elementor-type=\"wp-page\" data-elementor-id=\"1209\" class=\"elementor elementor-1209\">\n\t\t\t\t\t\t<section class=\"elementor-section elementor-top-section elementor-element elementor-element-4912c658 elementor-section-full_width elementor-section-height-default elementor-section-height-default\" data-id=\"4912c658\" data-element_type=\"section\" data-e-type=\"section\">\n\t\t\t\t\t\t<div class=\"elementor-container elementor-column-gap-default\">\n\t\t\t\t\t<div class=\"elementor-column elementor-col-16 elementor-top-column elementor-element elementor-element-5e4a2bf3\" data-id=\"5e4a2bf3\" data-element_type=\"column\" data-e-type=\"column\">\n\t\t\t<div class=\"elementor-widget-wrap\">\n\t\t\t\t\t\t\t<\/div>\n\t\t<\/div>\n\t\t\t\t<div class=\"elementor-column elementor-col-66 elementor-top-column elementor-element elementor-element-6f8a312c\" data-id=\"6f8a312c\" data-element_type=\"column\" data-e-type=\"column\">\n\t\t\t<div class=\"elementor-widget-wrap elementor-element-populated\">\n\t\t\t\t\t\t<div class=\"elementor-element elementor-element-a662c8c animated-slow elementor-invisible elementor-widget elementor-widget-image\" data-id=\"a662c8c\" data-element_type=\"widget\" data-e-type=\"widget\" data-settings=\"{&quot;_animation&quot;:&quot;zoomIn&quot;}\" data-widget_type=\"image.default\">\n\t\t\t\t<div class=\"elementor-widget-container\">\n\t\t\t\t\t\t\t\t\t\t\t\t\t\t\t<img decoding=\"async\" width=\"300\" height=\"41\" src=\"https:\/\/soanimation.fr\/wp-content\/uploads\/2020\/12\/Page-2-300x41.png\" class=\"attachment-medium size-medium wp-image-260 jetpack-lazy-image\" alt=\"\" data-lazy-srcset=\"https:\/\/soanimation.fr\/wp-content\/uploads\/2020\/12\/Page-2-300x41.png 300w, https:\/\/soanimation.fr\/wp-content\/uploads\/2020\/12\/Page-2-600x83.png 600w, https:\/\/soanimation.fr\/wp-content\/uploads\/2020\/12\/Page-2-1024x141.png 1024w, https:\/\/soanimation.fr\/wp-content\/uploads\/2020\/12\/Page-2-768x106.png 768w, https:\/\/soanimation.fr\/wp-content\/uploads\/2020\/12\/Page-2-1536x211.png 1536w, https:\/\/soanimation.fr\/wp-content\/uploads\/2020\/12\/Page-2-2048x282.png 2048w\" data-lazy-sizes=\"(max-width: 300px) 100vw, 300px\" data-lazy-src=\"https:\/\/soanimation.fr\/wp-content\/uploads\/2020\/12\/Page-2-300x41.png?is-pending-load=1\" srcset=\"data:image\/gif;base64,R0lGODlhAQABAIAAAAAAAP\/\/\/yH5BAEAAAAALAAAAAABAAEAAAIBRAA7\" \/>\t\t\t\t\t\t\t\t\t\t\t\t\t\t\t<\/div>\n\t\t\t\t<\/div>\n\t\t\t\t<div class=\"elementor-element elementor-element-4535f6b6 animated-slow elementor-invisible elementor-widget elementor-widget-heading\" data-id=\"4535f6b6\" data-element_type=\"widget\" data-e-type=\"widget\" data-settings=\"{&quot;_animation&quot;:&quot;zoomIn&quot;}\" data-widget_type=\"heading.default\">\n\t\t\t\t<div class=\"elementor-widget-container\">\n\t\t\t\t\t<h2 class=\"elementor-heading-title elementor-size-large\">Foire aux questions<\/h2>\t\t\t\t<\/div>\n\t\t\t\t<\/div>\n\t\t\t\t<div class=\"elementor-element elementor-element-f4c02cb animated-slow elementor-invisible elementor-widget elementor-widget-image\" data-id=\"f4c02cb\" data-element_type=\"widget\" data-e-type=\"widget\" data-settings=\"{&quot;_animation&quot;:&quot;zoomIn&quot;}\" data-widget_type=\"image.default\">\n\t\t\t\t<div class=\"elementor-widget-container\">\n\t\t\t\t\t\t\t\t\t\t\t\t\t\t\t<img decoding=\"async\" width=\"300\" height=\"41\" src=\"https:\/\/soanimation.fr\/wp-content\/uploads\/2020\/12\/cadrebas-300x41.png\" class=\"attachment-medium size-medium wp-image-268 jetpack-lazy-image\" alt=\"\" data-lazy-srcset=\"https:\/\/soanimation.fr\/wp-content\/uploads\/2020\/12\/cadrebas-300x41.png 300w, https:\/\/soanimation.fr\/wp-content\/uploads\/2020\/12\/cadrebas-600x83.png 600w, https:\/\/soanimation.fr\/wp-content\/uploads\/2020\/12\/cadrebas-1024x141.png 1024w, https:\/\/soanimation.fr\/wp-content\/uploads\/2020\/12\/cadrebas-768x106.png 768w, https:\/\/soanimation.fr\/wp-content\/uploads\/2020\/12\/cadrebas-1536x211.png 1536w, https:\/\/soanimation.fr\/wp-content\/uploads\/2020\/12\/cadrebas-2048x282.png 2048w\" data-lazy-sizes=\"(max-width: 300px) 100vw, 300px\" data-lazy-src=\"https:\/\/soanimation.fr\/wp-content\/uploads\/2020\/12\/cadrebas-300x41.png?is-pending-load=1\" srcset=\"data:image\/gif;base64,R0lGODlhAQABAIAAAAAAAP\/\/\/yH5BAEAAAAALAAAAAABAAEAAAIBRAA7\" \/>\t\t\t\t\t\t\t\t\t\t\t\t\t\t\t<\/div>\n\t\t\t\t<\/div>\n\t\t\t\t<div class=\"elementor-element elementor-element-4abaa79d elementor-widget elementor-widget-spacer\" data-id=\"4abaa79d\" data-element_type=\"widget\" data-e-type=\"widget\" data-widget_type=\"spacer.default\">\n\t\t\t\t<div class=\"elementor-widget-container\">\n\t\t\t\t\t\t\t<div class=\"elementor-spacer\">\n\t\t\t<div class=\"elementor-spacer-inner\"><\/div>\n\t\t<\/div>\n\t\t\t\t\t\t<\/div>\n\t\t\t\t<\/div>\n\t\t\t\t\t<\/div>\n\t\t<\/div>\n\t\t\t\t<div class=\"elementor-column elementor-col-16 elementor-top-column elementor-element elementor-element-4e13df3a\" data-id=\"4e13df3a\" data-element_type=\"column\" data-e-type=\"column\">\n\t\t\t<div class=\"elementor-widget-wrap elementor-element-populated\">\n\t\t\t\t\t\t<div class=\"elementor-element elementor-element-658b0ef2 elementor-view-stacked elementor-shape-circle elementor-widget elementor-widget-icon\" data-id=\"658b0ef2\" data-element_type=\"widget\" data-e-type=\"widget\" data-widget_type=\"icon.default\">\n\t\t\t\t<div class=\"elementor-widget-container\">\n\t\t\t\t\t\t\t<div class=\"elementor-icon-wrapper\">\n\t\t\t<div class=\"elementor-icon\">\n\t\t\t<i aria-hidden=\"true\" class=\"fas fa-phone-alt\"><\/i>\t\t\t<\/div>\n\t\t<\/div>\n\t\t\t\t\t\t<\/div>\n\t\t\t\t<\/div>\n\t\t\t\t<div class=\"elementor-element elementor-element-1609f7d9 elementor-widget elementor-widget-text-editor\" data-id=\"1609f7d9\" data-element_type=\"widget\" data-e-type=\"widget\" data-widget_type=\"text-editor.default\">\n\t\t\t\t<div class=\"elementor-widget-container\">\n\t\t\t\t\t\t\t\t\t<p>INFOS S\u00c9JOUR<\/p><p>05 56 37 20 08<\/p>\t\t\t\t\t\t\t\t<\/div>\n\t\t\t\t<\/div>\n\t\t\t\t\t<\/div>\n\t\t<\/div>\n\t\t\t\t\t<\/div>\n\t\t<\/section>\n\t\t\t\t<section class=\"elementor-section elementor-top-section elementor-element elementor-element-7769c21c elementor-section-boxed elementor-section-height-default elementor-section-height-default\" data-id=\"7769c21c\" data-element_type=\"section\" data-e-type=\"section\" data-settings=\"{&quot;background_background&quot;:&quot;classic&quot;}\">\n\t\t\t\t\t\t<div class=\"elementor-container elementor-column-gap-default\">\n\t\t\t\t\t<div class=\"elementor-column elementor-col-100 elementor-top-column elementor-element elementor-element-293f571b\" data-id=\"293f571b\" data-element_type=\"column\" data-e-type=\"column\">\n\t\t\t<div class=\"elementor-widget-wrap elementor-element-populated\">\n\t\t\t\t\t\t<div class=\"elementor-element elementor-element-42f3d5ab elementor-widget elementor-widget-spacer\" data-id=\"42f3d5ab\" data-element_type=\"widget\" data-e-type=\"widget\" data-widget_type=\"spacer.default\">\n\t\t\t\t<div class=\"elementor-widget-container\">\n\t\t\t\t\t\t\t<div class=\"elementor-spacer\">\n\t\t\t<div class=\"elementor-spacer-inner\"><\/div>\n\t\t<\/div>\n\t\t\t\t\t\t<\/div>\n\t\t\t\t<\/div>\n\t\t\t\t\t<\/div>\n\t\t<\/div>\n\t\t\t\t\t<\/div>\n\t\t<\/section>\n\t\t\t\t<section class=\"elementor-section elementor-top-section elementor-element elementor-element-17fa82e8 elementor-section-content-middle elementor-section-boxed elementor-section-height-default elementor-section-height-default\" data-id=\"17fa82e8\" data-element_type=\"section\" data-e-type=\"section\" data-settings=\"{&quot;background_background&quot;:&quot;classic&quot;}\">\n\t\t\t\t\t\t<div class=\"elementor-container elementor-column-gap-no\">\n\t\t\t\t\t<div class=\"elementor-column elementor-col-25 elementor-top-column elementor-element elementor-element-27a0c575\" data-id=\"27a0c575\" data-element_type=\"column\" data-e-type=\"column\">\n\t\t\t<div class=\"elementor-widget-wrap\">\n\t\t\t\t\t\t\t<\/div>\n\t\t<\/div>\n\t\t\t\t<div class=\"elementor-column elementor-col-50 elementor-top-column elementor-element elementor-element-1b2f8a73\" data-id=\"1b2f8a73\" data-element_type=\"column\" data-e-type=\"column\" data-settings=\"{&quot;background_background&quot;:&quot;classic&quot;}\">\n\t\t\t<div class=\"elementor-widget-wrap elementor-element-populated\">\n\t\t\t\t\t\t<div class=\"elementor-element elementor-element-62a20e30 elementor-widget elementor-widget-heading\" data-id=\"62a20e30\" data-element_type=\"widget\" data-e-type=\"widget\" data-widget_type=\"heading.default\">\n\t\t\t\t<div class=\"elementor-widget-container\">\n\t\t\t\t\t<h2 class=\"elementor-heading-title elementor-size-default\">Des interrogations ?<\/h2>\t\t\t\t<\/div>\n\t\t\t\t<\/div>\n\t\t\t\t\t<\/div>\n\t\t<\/div>\n\t\t\t\t<div class=\"elementor-column elementor-col-25 elementor-top-column elementor-element elementor-element-1bb60034\" data-id=\"1bb60034\" data-element_type=\"column\" data-e-type=\"column\">\n\t\t\t<div class=\"elementor-widget-wrap\">\n\t\t\t\t\t\t\t<\/div>\n\t\t<\/div>\n\t\t\t\t\t<\/div>\n\t\t<\/section>\n\t\t\t\t<section class=\"elementor-section elementor-top-section elementor-element elementor-element-16dee1f5 elementor-section-content-middle elementor-section-boxed elementor-section-height-default elementor-section-height-default\" data-id=\"16dee1f5\" data-element_type=\"section\" data-e-type=\"section\" data-settings=\"{&quot;background_background&quot;:&quot;classic&quot;}\">\n\t\t\t\t\t\t<div class=\"elementor-container elementor-column-gap-no\">\n\t\t\t\t\t<div class=\"elementor-column elementor-col-33 elementor-top-column elementor-element elementor-element-20843a60\" data-id=\"20843a60\" data-element_type=\"column\" data-e-type=\"column\">\n\t\t\t<div class=\"elementor-widget-wrap\">\n\t\t\t\t\t\t\t<\/div>\n\t\t<\/div>\n\t\t\t\t<div class=\"elementor-column elementor-col-33 elementor-top-column elementor-element elementor-element-4824ffd6\" data-id=\"4824ffd6\" data-element_type=\"column\" data-e-type=\"column\" data-settings=\"{&quot;background_background&quot;:&quot;classic&quot;}\">\n\t\t\t<div class=\"elementor-widget-wrap elementor-element-populated\">\n\t\t\t\t\t\t<div class=\"elementor-element elementor-element-52ad9ffb elementor-widget elementor-widget-text-editor\" data-id=\"52ad9ffb\" data-element_type=\"widget\" data-e-type=\"widget\" data-widget_type=\"text-editor.default\">\n\t\t\t\t<div class=\"elementor-widget-container\">\n\t\t\t\t\t\t\t\t\t<p>Retrouvez les r\u00e9ponses aux diff\u00e9rences questions les plus souvent pos\u00e9es.<\/p>\t\t\t\t\t\t\t\t<\/div>\n\t\t\t\t<\/div>\n\t\t\t\t<div class=\"elementor-element elementor-element-f54c1b3 elementor-widget elementor-widget-toggle\" data-id=\"f54c1b3\" data-element_type=\"widget\" data-e-type=\"widget\" data-widget_type=\"toggle.default\">\n\t\t\t\t<div class=\"elementor-widget-container\">\n\t\t\t\t\t\t\t<div class=\"elementor-toggle\">\n\t\t\t\t\t\t\t<div class=\"elementor-toggle-item\">\n\t\t\t\t\t<div id=\"elementor-tab-title-2571\" class=\"elementor-tab-title\" data-tab=\"1\" role=\"button\" aria-controls=\"elementor-tab-content-2571\" aria-expanded=\"false\">\n\t\t\t\t\t\t\t\t\t\t\t\t<span class=\"elementor-toggle-icon elementor-toggle-icon-left\" aria-hidden=\"true\">\n\t\t\t\t\t\t\t\t\t\t\t\t\t\t\t<span class=\"elementor-toggle-icon-closed\"><i class=\"fas fa-caret-right\"><\/i><\/span>\n\t\t\t\t\t\t\t\t<span class=\"elementor-toggle-icon-opened\"><i class=\"elementor-toggle-icon-opened fas fa-caret-up\"><\/i><\/span>\n\t\t\t\t\t\t\t\t\t\t\t\t\t<\/span>\n\t\t\t\t\t\t\t\t\t\t\t\t<a class=\"elementor-toggle-title\" tabindex=\"0\">Est-il possible de venir avec un copain ?<\/a>\n\t\t\t\t\t<\/div>\n\n\t\t\t\t\t<div id=\"elementor-tab-content-2571\" class=\"elementor-tab-content elementor-clearfix\" data-tab=\"1\" role=\"region\" aria-labelledby=\"elementor-tab-title-2571\"><p><span style=\"text-align: justify;\">Oui, il est\u00a0tout \u00e0 fait possible\u00a0de venir sur un s\u00e9jour SOA avec un(e) ami(e) et de\u00a0partager la m\u00eame chambre. Toutefois, nous tenons \u00e0 \u00e9viter un \u00e9cart d\u2019\u00e2ge important entre les enfants d\u2019une m\u00eame chambre. De plus la r\u00e8glementation DDCS nous impose la s\u00e9paration de couchages entre les filles et les gar\u00e7ons.<\/span><\/p><\/div>\n\t\t\t\t<\/div>\n\t\t\t\t\t\t\t<div class=\"elementor-toggle-item\">\n\t\t\t\t\t<div id=\"elementor-tab-title-2572\" class=\"elementor-tab-title\" data-tab=\"2\" role=\"button\" aria-controls=\"elementor-tab-content-2572\" aria-expanded=\"false\">\n\t\t\t\t\t\t\t\t\t\t\t\t<span class=\"elementor-toggle-icon elementor-toggle-icon-left\" aria-hidden=\"true\">\n\t\t\t\t\t\t\t\t\t\t\t\t\t\t\t<span class=\"elementor-toggle-icon-closed\"><i class=\"fas fa-caret-right\"><\/i><\/span>\n\t\t\t\t\t\t\t\t<span class=\"elementor-toggle-icon-opened\"><i class=\"elementor-toggle-icon-opened fas fa-caret-up\"><\/i><\/span>\n\t\t\t\t\t\t\t\t\t\t\t\t\t<\/span>\n\t\t\t\t\t\t\t\t\t\t\t\t<a class=\"elementor-toggle-title\" tabindex=\"0\">Comment cela se passe pour le linge ?<\/a>\n\t\t\t\t\t<\/div>\n\n\t\t\t\t\t<div id=\"elementor-tab-content-2572\" class=\"elementor-tab-content elementor-clearfix\" data-tab=\"2\" role=\"region\" aria-labelledby=\"elementor-tab-title-2572\"><p style=\"text-align: justify;\">Apr\u00e8s l\u2019inscription, vous recevrez le trousseau des affaires \u00e0 emporter. Ce trousseau est \u00e0 adapter au s\u00e9jour. Pour les s\u00e9jours d\u2019une semaine \u00e0 10 jours, nous ne pr\u00e9voyons pas de lavage (sauf en cas d\u2019accident &#8211; \u00e9nur\u00e9sie par exemple). Vous devez donc pr\u00e9voir assez d\u2019affaires de rechange pour la totalit\u00e9 du s\u00e9jour\u00a0(mais sans exag\u00e9rer, ne les surchargez pas).<\/p><p style=\"text-align: justify;\">Pour des s\u00e9jours plus longs (ou participants \u00e0 plusieurs s\u00e9jours cons\u00e9cutifs), une machine pourra \u00eatre faite. Pensez \u00e0 un sac \u00e0 linge sale.<\/p><\/div>\n\t\t\t\t<\/div>\n\t\t\t\t\t\t\t<div class=\"elementor-toggle-item\">\n\t\t\t\t\t<div id=\"elementor-tab-title-2573\" class=\"elementor-tab-title\" data-tab=\"3\" role=\"button\" aria-controls=\"elementor-tab-content-2573\" aria-expanded=\"false\">\n\t\t\t\t\t\t\t\t\t\t\t\t<span class=\"elementor-toggle-icon elementor-toggle-icon-left\" aria-hidden=\"true\">\n\t\t\t\t\t\t\t\t\t\t\t\t\t\t\t<span class=\"elementor-toggle-icon-closed\"><i class=\"fas fa-caret-right\"><\/i><\/span>\n\t\t\t\t\t\t\t\t<span class=\"elementor-toggle-icon-opened\"><i class=\"elementor-toggle-icon-opened fas fa-caret-up\"><\/i><\/span>\n\t\t\t\t\t\t\t\t\t\t\t\t\t<\/span>\n\t\t\t\t\t\t\t\t\t\t\t\t<a class=\"elementor-toggle-title\" tabindex=\"0\">Mon enfant peut-il apporter de l\u2019argent de poche ?<\/a>\n\t\t\t\t\t<\/div>\n\n\t\t\t\t\t<div id=\"elementor-tab-content-2573\" class=\"elementor-tab-content elementor-clearfix\" data-tab=\"3\" role=\"region\" aria-labelledby=\"elementor-tab-title-2573\"><p><span style=\"text-align: justify;\">Dans le tarif du s\u00e9jour, tout est inclus (repas, activit\u00e9s, h\u00e9bergement, etc\u2026). Cependant, les enfants appr\u00e9cient d\u2019avoir un peu d\u2019argent de poche afin d\u2019effectuer des petits achats durant leurs vacances (souvenirs, cartes postales, bonbons, \u2026) La somme de 10 \u00e0 30\u20ac nous semble suffisante. En d\u00e9but de s\u00e9jour, les \u00e9quipes proposent aux enfants la possibilit\u00e9 de garder leur argent (dans ce cas, merci de penser \u00e0 un porte\u00a0monnaie au nom de l&rsquo;enfant)<\/span><\/p><\/div>\n\t\t\t\t<\/div>\n\t\t\t\t\t\t\t<div class=\"elementor-toggle-item\">\n\t\t\t\t\t<div id=\"elementor-tab-title-2574\" class=\"elementor-tab-title\" data-tab=\"4\" role=\"button\" aria-controls=\"elementor-tab-content-2574\" aria-expanded=\"false\">\n\t\t\t\t\t\t\t\t\t\t\t\t<span class=\"elementor-toggle-icon elementor-toggle-icon-left\" aria-hidden=\"true\">\n\t\t\t\t\t\t\t\t\t\t\t\t\t\t\t<span class=\"elementor-toggle-icon-closed\"><i class=\"fas fa-caret-right\"><\/i><\/span>\n\t\t\t\t\t\t\t\t<span class=\"elementor-toggle-icon-opened\"><i class=\"elementor-toggle-icon-opened fas fa-caret-up\"><\/i><\/span>\n\t\t\t\t\t\t\t\t\t\t\t\t\t<\/span>\n\t\t\t\t\t\t\t\t\t\t\t\t<a class=\"elementor-toggle-title\" tabindex=\"0\">Mon enfant est tr\u00e8s pudique. Y a-t-il des douches collectives ?<\/a>\n\t\t\t\t\t<\/div>\n\n\t\t\t\t\t<div id=\"elementor-tab-content-2574\" class=\"elementor-tab-content elementor-clearfix\" data-tab=\"4\" role=\"region\" aria-labelledby=\"elementor-tab-title-2574\"><p><span style=\"text-align: justify;\">Non ! Sur l\u2019ensemble de nos s\u00e9jours, les douches sont en cabine individuelle (bloc sanitaire ou salle de bain privative). L\u2019intimit\u00e9 des enfants est respect\u00e9e et les \u00e9quipes d\u2019animation sont sensibilis\u00e9es \u00e0 ce sujet.<\/span><\/p><\/div>\n\t\t\t\t<\/div>\n\t\t\t\t\t\t\t<div class=\"elementor-toggle-item\">\n\t\t\t\t\t<div id=\"elementor-tab-title-2575\" class=\"elementor-tab-title\" data-tab=\"5\" role=\"button\" aria-controls=\"elementor-tab-content-2575\" aria-expanded=\"false\">\n\t\t\t\t\t\t\t\t\t\t\t\t<span class=\"elementor-toggle-icon elementor-toggle-icon-left\" aria-hidden=\"true\">\n\t\t\t\t\t\t\t\t\t\t\t\t\t\t\t<span class=\"elementor-toggle-icon-closed\"><i class=\"fas fa-caret-right\"><\/i><\/span>\n\t\t\t\t\t\t\t\t<span class=\"elementor-toggle-icon-opened\"><i class=\"elementor-toggle-icon-opened fas fa-caret-up\"><\/i><\/span>\n\t\t\t\t\t\t\t\t\t\t\t\t\t<\/span>\n\t\t\t\t\t\t\t\t\t\t\t\t<a class=\"elementor-toggle-title\" tabindex=\"0\">Faut-il des documents particuliers pour la pratique d\u2019activit\u00e9s aquatiques ?<\/a>\n\t\t\t\t\t<\/div>\n\n\t\t\t\t\t<div id=\"elementor-tab-content-2575\" class=\"elementor-tab-content elementor-clearfix\" data-tab=\"5\" role=\"region\" aria-labelledby=\"elementor-tab-title-2575\"><p><span style=\"text-align: justify;\">Non, sauf certaines activit\u00e9s comme\u00a0le cano\u00eb-kayak, la descente de canyon (canyoning), le ski nautique ou\u00a0la voile. Dans ces cas, chaque participant doit \u00eatre titulaire d\u2019une\u00a0\u00ab\u00a0Attestation de r\u00e9ussite du test pr\u00e9alable \u00e0 la pratique des activit\u00e9s aquatiques et nautiques\u00a0\u00bb, et UNIQUEMENT pour ces s\u00e9jours \u2013 cela vous sera pr\u00e9cis\u00e9 \u00e0 l\u2019inscription.<\/span><\/p><\/div>\n\t\t\t\t<\/div>\n\t\t\t\t\t\t\t<div class=\"elementor-toggle-item\">\n\t\t\t\t\t<div id=\"elementor-tab-title-2576\" class=\"elementor-tab-title\" data-tab=\"6\" role=\"button\" aria-controls=\"elementor-tab-content-2576\" aria-expanded=\"false\">\n\t\t\t\t\t\t\t\t\t\t\t\t<span class=\"elementor-toggle-icon elementor-toggle-icon-left\" aria-hidden=\"true\">\n\t\t\t\t\t\t\t\t\t\t\t\t\t\t\t<span class=\"elementor-toggle-icon-closed\"><i class=\"fas fa-caret-right\"><\/i><\/span>\n\t\t\t\t\t\t\t\t<span class=\"elementor-toggle-icon-opened\"><i class=\"elementor-toggle-icon-opened fas fa-caret-up\"><\/i><\/span>\n\t\t\t\t\t\t\t\t\t\t\t\t\t<\/span>\n\t\t\t\t\t\t\t\t\t\t\t\t<a class=\"elementor-toggle-title\" tabindex=\"0\">Mon enfant ne sait pas nager, pourrait-il se baigner ?<\/a>\n\t\t\t\t\t<\/div>\n\n\t\t\t\t\t<div id=\"elementor-tab-content-2576\" class=\"elementor-tab-content elementor-clearfix\" data-tab=\"6\" role=\"region\" aria-labelledby=\"elementor-tab-title-2576\"><p style=\"text-align: justify;\">Oui, pour la baignade (piscine, lac, mer, etc.), il n\u2019est pas obligatoire de savoir nager. Cependant, nous vous demandons de bien vouloir le\u00a0noter sur la Fiche Sanitaire de l\u2019enfant\u00a0et de\u00a0le signaler au directeur avant le s\u00e9jour\u00a0pour prendre les mesures suppl\u00e9mentaires n\u00e9cessaires.<\/p>\n<p style=\"text-align: justify;\">Attention, certaines activit\u00e9s aquatiques (voir ci-dessus) imposent de savoir nager. Lorsque cela est pr\u00e9cis\u00e9 selon le s\u00e9jour,\u00a0nous fournir l\u2019attestation de r\u00e9ussite au test pr\u00e9alable \u00e0 la pratique des activit\u00e9s aquatiques et nautiques.\u00a0<\/p><\/div>\n\t\t\t\t<\/div>\n\t\t\t\t\t\t\t<div class=\"elementor-toggle-item\">\n\t\t\t\t\t<div id=\"elementor-tab-title-2577\" class=\"elementor-tab-title\" data-tab=\"7\" role=\"button\" aria-controls=\"elementor-tab-content-2577\" aria-expanded=\"false\">\n\t\t\t\t\t\t\t\t\t\t\t\t<span class=\"elementor-toggle-icon elementor-toggle-icon-left\" aria-hidden=\"true\">\n\t\t\t\t\t\t\t\t\t\t\t\t\t\t\t<span class=\"elementor-toggle-icon-closed\"><i class=\"fas fa-caret-right\"><\/i><\/span>\n\t\t\t\t\t\t\t\t<span class=\"elementor-toggle-icon-opened\"><i class=\"elementor-toggle-icon-opened fas fa-caret-up\"><\/i><\/span>\n\t\t\t\t\t\t\t\t\t\t\t\t\t<\/span>\n\t\t\t\t\t\t\t\t\t\t\t\t<a class=\"elementor-toggle-title\" tabindex=\"0\">Si mon enfant est malade ou \u00e0 un accident, comment cela se passe ?<\/a>\n\t\t\t\t\t<\/div>\n\n\t\t\t\t\t<div id=\"elementor-tab-content-2577\" class=\"elementor-tab-content elementor-clearfix\" data-tab=\"7\" role=\"region\" aria-labelledby=\"elementor-tab-title-2577\"><p style=\"text-align: justify;\">Pour les \u00ab petits bobos \u00bb, l\u2019animateur\/animatrice d\u00e9sign\u00e9(e) comme Assistant(e) Sanitaire (titulaire de la formation aux premiers secours), dispose d\u2019une trousse \u00e0 pharmacie et dispense les premiers soins.<\/p>\n<p style=\"text-align: justify;\">Pass\u00e9 cette situation ou au moindre doute, l\u2019enfant est conduit chez le m\u00e9decin et vous serez contact\u00e9. Tous les soins sont not\u00e9s sur un registre d\u2019infirmerie et suivis.<\/p>\n<p style=\"text-align: justify;\">En cas d\u2019accident plus grave, l\u2019enfant est conduit chez le m\u00e9decin, \u00e0 l\u2019h\u00f4pital le plus proche, et les dispositions appropri\u00e9es (hospitalisation, intervention, etc.) sont prises par le directeur,\u00a0\u00e0 conditions que la Fiche Sanitaire soit sign\u00e9e\u00a0(compl\u00e9tez-la le plus pr\u00e9cis\u00e9ment possible). Vous en serez bien \u00e9videmment inform\u00e9s au num\u00e9ro indiqu\u00e9 sur la fiche.<\/p>\n<p style=\"text-align: justify;\">Le responsable l\u00e9gal du participant s\u2019engage \u00e0 rembourser l\u2019association, d\u00e8s la fin du s\u00e9jour, l\u2019int\u00e9gralit\u00e9 des frais m\u00e9dicaux avanc\u00e9s (honoraires, radios, m\u00e9dicaments, ambulance, etc.), sur pr\u00e9sentation des justificatifs.<\/p><\/div>\n\t\t\t\t<\/div>\n\t\t\t\t\t\t\t<div class=\"elementor-toggle-item\">\n\t\t\t\t\t<div id=\"elementor-tab-title-2578\" class=\"elementor-tab-title\" data-tab=\"8\" role=\"button\" aria-controls=\"elementor-tab-content-2578\" aria-expanded=\"false\">\n\t\t\t\t\t\t\t\t\t\t\t\t<span class=\"elementor-toggle-icon elementor-toggle-icon-left\" aria-hidden=\"true\">\n\t\t\t\t\t\t\t\t\t\t\t\t\t\t\t<span class=\"elementor-toggle-icon-closed\"><i class=\"fas fa-caret-right\"><\/i><\/span>\n\t\t\t\t\t\t\t\t<span class=\"elementor-toggle-icon-opened\"><i class=\"elementor-toggle-icon-opened fas fa-caret-up\"><\/i><\/span>\n\t\t\t\t\t\t\t\t\t\t\t\t\t<\/span>\n\t\t\t\t\t\t\t\t\t\t\t\t<a class=\"elementor-toggle-title\" tabindex=\"0\">Mon enfant suit un traitement m\u00e9dical. Comment cela se passe ? <\/a>\n\t\t\t\t\t<\/div>\n\n\t\t\t\t\t<div id=\"elementor-tab-content-2578\" class=\"elementor-tab-content elementor-clearfix\" data-tab=\"8\" role=\"region\" aria-labelledby=\"elementor-tab-title-2578\"><p style=\"text-align: justify;\">Lors d\u2019un s\u00e9jour, la possession de m\u00e9dicaments par un participant est interdite.<\/p><p style=\"text-align: justify;\">Si votre enfant est sous traitement m\u00e9dical, vous devez\u00a0:<\/p><p style=\"text-align: justify;\">l\u2019indiquer sur la fiche sanitaire,<\/p><p style=\"text-align: justify;\">le signaler au directeur le jour du d\u00e9part,<\/p><p style=\"text-align: justify;\">Et \u00a0remettre\u00a0les m\u00e9dicaments avec la COPIE DE L\u2019ORDONNANCE au directeur le jour du d\u00e9part dans une pochette au nom de l&rsquo;enfant.<\/p><p style=\"text-align: justify;\">Pendant le s\u00e9jour, l\u2019Assistant(e) Sanitaire (titulaire de formation aux premiers secours), administrera le traitement et notera les soins sur le registre d\u2019infirmerie.<\/p><\/div>\n\t\t\t\t<\/div>\n\t\t\t\t\t\t\t<div class=\"elementor-toggle-item\">\n\t\t\t\t\t<div id=\"elementor-tab-title-2579\" class=\"elementor-tab-title\" data-tab=\"9\" role=\"button\" aria-controls=\"elementor-tab-content-2579\" aria-expanded=\"false\">\n\t\t\t\t\t\t\t\t\t\t\t\t<span class=\"elementor-toggle-icon elementor-toggle-icon-left\" aria-hidden=\"true\">\n\t\t\t\t\t\t\t\t\t\t\t\t\t\t\t<span class=\"elementor-toggle-icon-closed\"><i class=\"fas fa-caret-right\"><\/i><\/span>\n\t\t\t\t\t\t\t\t<span class=\"elementor-toggle-icon-opened\"><i class=\"elementor-toggle-icon-opened fas fa-caret-up\"><\/i><\/span>\n\t\t\t\t\t\t\t\t\t\t\t\t\t<\/span>\n\t\t\t\t\t\t\t\t\t\t\t\t<a class=\"elementor-toggle-title\" tabindex=\"0\">Faut-il remettre le carnet de sant\u00e9 ?<\/a>\n\t\t\t\t\t<\/div>\n\n\t\t\t\t\t<div id=\"elementor-tab-content-2579\" class=\"elementor-tab-content elementor-clearfix\" data-tab=\"9\" role=\"region\" aria-labelledby=\"elementor-tab-title-2579\"><p><span style=\"text-align: justify;\">Non.\u00a0Le carnet de sant\u00e9 doit \u00eatre conserv\u00e9 par la famille. Reportez sur la Fiche Sanitaire de liaison tous les renseignements n\u00e9cessaires : vaccins, ant\u00e9c\u00e9dents, allergies, pr\u00e9cautions particuli\u00e8res, etc.\u00a0Par contre il est OBLIGATOIRE de joindre une photocopie des pages des vaccinations.<\/span><\/p><\/div>\n\t\t\t\t<\/div>\n\t\t\t\t\t\t\t<div class=\"elementor-toggle-item\">\n\t\t\t\t\t<div id=\"elementor-tab-title-25710\" class=\"elementor-tab-title\" data-tab=\"10\" role=\"button\" aria-controls=\"elementor-tab-content-25710\" aria-expanded=\"false\">\n\t\t\t\t\t\t\t\t\t\t\t\t<span class=\"elementor-toggle-icon elementor-toggle-icon-left\" aria-hidden=\"true\">\n\t\t\t\t\t\t\t\t\t\t\t\t\t\t\t<span class=\"elementor-toggle-icon-closed\"><i class=\"fas fa-caret-right\"><\/i><\/span>\n\t\t\t\t\t\t\t\t<span class=\"elementor-toggle-icon-opened\"><i class=\"elementor-toggle-icon-opened fas fa-caret-up\"><\/i><\/span>\n\t\t\t\t\t\t\t\t\t\t\t\t\t<\/span>\n\t\t\t\t\t\t\t\t\t\t\t\t<a class=\"elementor-toggle-title\" tabindex=\"0\">Il arrive que mon enfant fasse pipi au lit. Est-ce probl\u00e9matique ?<\/a>\n\t\t\t\t\t<\/div>\n\n\t\t\t\t\t<div id=\"elementor-tab-content-25710\" class=\"elementor-tab-content elementor-clearfix\" data-tab=\"10\" role=\"region\" aria-labelledby=\"elementor-tab-title-25710\"><p style=\"text-align: justify;\">C\u2019est une situation \u00e0 laquelle nous sommes r\u00e9guli\u00e8rement confront\u00e9s et que savons g\u00e9rer . Nous faisons en sorte que cela ne pose de probl\u00e8me \u00e0 personne et surtout pas \u00e0 l\u2019enfant concern\u00e9. L\u2019enfant sera amen\u00e9 discr\u00e8tement se laver et se changer, les draps ou le sac de couchage ainsi que les v\u00eatements seront lav\u00e9s.<\/p><p style=\"text-align: justify;\">Il est n\u00e9cessaire que nous soyons avertis avant le s\u00e9jour car nous pourrons \u00eatre davantage attentif au comportement de l\u2019enfant et l\u2019accompagner\u2026 en \u00e9vitant de le laisser seul face \u00e0 son souci.<\/p><\/div>\n\t\t\t\t<\/div>\n\t\t\t\t\t\t\t<div class=\"elementor-toggle-item\">\n\t\t\t\t\t<div id=\"elementor-tab-title-25711\" class=\"elementor-tab-title\" data-tab=\"11\" role=\"button\" aria-controls=\"elementor-tab-content-25711\" aria-expanded=\"false\">\n\t\t\t\t\t\t\t\t\t\t\t\t<span class=\"elementor-toggle-icon elementor-toggle-icon-left\" aria-hidden=\"true\">\n\t\t\t\t\t\t\t\t\t\t\t\t\t\t\t<span class=\"elementor-toggle-icon-closed\"><i class=\"fas fa-caret-right\"><\/i><\/span>\n\t\t\t\t\t\t\t\t<span class=\"elementor-toggle-icon-opened\"><i class=\"elementor-toggle-icon-opened fas fa-caret-up\"><\/i><\/span>\n\t\t\t\t\t\t\t\t\t\t\t\t\t<\/span>\n\t\t\t\t\t\t\t\t\t\t\t\t<a class=\"elementor-toggle-title\" tabindex=\"0\">Puis-je amener mon enfant directement sur le lieu du s\u00e9jour ?<\/a>\n\t\t\t\t\t<\/div>\n\n\t\t\t\t\t<div id=\"elementor-tab-content-25711\" class=\"elementor-tab-content elementor-clearfix\" data-tab=\"11\" role=\"region\" aria-labelledby=\"elementor-tab-title-25711\"><p><span style=\"text-align: justify;\">Vous pouvez d\u00e9poser votre enfant directement sur le centre de vacances. Nous vous demandons de le signaler au directeur avant le s\u00e9jour\u00a0et de respecter les horaires. Ceci ne tient lieu \u00e0 aucune remise.<\/span><\/p><\/div>\n\t\t\t\t<\/div>\n\t\t\t\t\t\t\t<div class=\"elementor-toggle-item\">\n\t\t\t\t\t<div id=\"elementor-tab-title-25712\" class=\"elementor-tab-title\" data-tab=\"12\" role=\"button\" aria-controls=\"elementor-tab-content-25712\" aria-expanded=\"false\">\n\t\t\t\t\t\t\t\t\t\t\t\t<span class=\"elementor-toggle-icon elementor-toggle-icon-left\" aria-hidden=\"true\">\n\t\t\t\t\t\t\t\t\t\t\t\t\t\t\t<span class=\"elementor-toggle-icon-closed\"><i class=\"fas fa-caret-right\"><\/i><\/span>\n\t\t\t\t\t\t\t\t<span class=\"elementor-toggle-icon-opened\"><i class=\"elementor-toggle-icon-opened fas fa-caret-up\"><\/i><\/span>\n\t\t\t\t\t\t\t\t\t\t\t\t\t<\/span>\n\t\t\t\t\t\t\t\t\t\t\t\t<a class=\"elementor-toggle-title\" tabindex=\"0\">Faut-il pr\u00e9voir un pique-nique pour le midi du premier jour ?<\/a>\n\t\t\t\t\t<\/div>\n\n\t\t\t\t\t<div id=\"elementor-tab-content-25712\" class=\"elementor-tab-content elementor-clearfix\" data-tab=\"12\" role=\"region\" aria-labelledby=\"elementor-tab-title-25712\"><p><span style=\"text-align: justify;\">Oui, la plupart du temps, cela vous sera pr\u00e9cisez sur la convocation apr\u00e8s l\u2019inscription.<\/span><\/p><\/div>\n\t\t\t\t<\/div>\n\t\t\t\t\t\t\t<div class=\"elementor-toggle-item\">\n\t\t\t\t\t<div id=\"elementor-tab-title-25713\" class=\"elementor-tab-title\" data-tab=\"13\" role=\"button\" aria-controls=\"elementor-tab-content-25713\" aria-expanded=\"false\">\n\t\t\t\t\t\t\t\t\t\t\t\t<span class=\"elementor-toggle-icon elementor-toggle-icon-left\" aria-hidden=\"true\">\n\t\t\t\t\t\t\t\t\t\t\t\t\t\t\t<span class=\"elementor-toggle-icon-closed\"><i class=\"fas fa-caret-right\"><\/i><\/span>\n\t\t\t\t\t\t\t\t<span class=\"elementor-toggle-icon-opened\"><i class=\"elementor-toggle-icon-opened fas fa-caret-up\"><\/i><\/span>\n\t\t\t\t\t\t\t\t\t\t\t\t\t<\/span>\n\t\t\t\t\t\t\t\t\t\t\t\t<a class=\"elementor-toggle-title\" tabindex=\"0\">Qui encadre les s\u00e9jours ?<\/a>\n\t\t\t\t\t<\/div>\n\n\t\t\t\t\t<div id=\"elementor-tab-content-25713\" class=\"elementor-tab-content elementor-clearfix\" data-tab=\"13\" role=\"region\" aria-labelledby=\"elementor-tab-title-25713\"><p style=\"text-align: justify;\">Tout d\u2019abord, nous sommes convaincus que c\u2019est \u00ab l\u2019\u00e9quipe \u00bb qui fait la r\u00e9ussite d\u2019un s\u00e9jour, avant le lieu, la m\u00e9t\u00e9o ou m\u00eame les activit\u00e9s\u2026<\/p><p style=\"text-align: justify;\">En effet, nos animateurs et directeurs comp\u00e9tents, dynamiques, souriants, attentionn\u00e9s, plein de bon sens, qui consid\u00e8rent l\u2019animation comme une passion et souvent de mani\u00e8re financi\u00e8re d\u00e9sint\u00e9ress\u00e9e, apportent un vrai plus au s\u00e9jour et permettent aux enfants d\u2019oublier les petits d\u00e9sagr\u00e9ments qui pourraient survenir.<\/p><p style=\"text-align: justify;\">C\u2019est pourquoi, alors que la r\u00e9glementation impose 1 animateur pour 12 enfants de plus de 6 ans, nous avons fait le choix d\u2019un encadrement renforc\u00e9 : 1 animateur pour 10 enfants environ. Cela permet \u00e0 l\u2019\u00e9quipe d\u2019\u00eatre davantage pr\u00e9sente et d\u2019avoir un meilleur suivi des enfants et aussi plus de souplesse d\u2019organisation pendant le s\u00e9jour.<\/p><p style=\"text-align: justify;\">Pour constituer les \u00e9quipes (directeurs, animateurs, aides-animateurs, assistants sanitaires, personnel technique, etc.), nous faisons d\u2019abord appel \u00e0 nos \u00ab anciens \u00bb qui ont d\u00e9j\u00e0 encadr\u00e9s un ou des s\u00e9jours de SOA et que nous appr\u00e9cions pour leurs comp\u00e9tences. Les autres sont recrut\u00e9s apr\u00e8s s\u00e9lection des candidatures et entretiens individuels.<\/p><p style=\"text-align: justify;\"><\/p><p style=\"box-sizing: border-box; margin: 0px 0px 10px; font-size: 14px; caret-color: #7a7a7a; color: #7a7a7a; font-family: Roboto, Helvetica, Arial, sans-serif; font-style: normal; font-variant-caps: normal; font-weight: 300; letter-spacing: normal; orphans: auto; text-align: justify; text-indent: 0px; text-transform: none; white-space: normal; widows: auto; word-spacing: 0px; -webkit-text-size-adjust: auto; -webkit-text-stroke-width: 0px; text-decoration: none;\">Outre la formation exigible (BAFD pour diriger, BAFA pour animer, formation de premiers secours ou Brevet de Surveillant de Baignade, etc.), nous recherchons chez ces personnes le sens du service aux autres, la joie de vivre, un bon \u00e9quilibre personnel et du bon sens.<\/p><\/div>\n\t\t\t\t<\/div>\n\t\t\t\t\t\t\t<div class=\"elementor-toggle-item\">\n\t\t\t\t\t<div id=\"elementor-tab-title-25714\" class=\"elementor-tab-title\" data-tab=\"14\" role=\"button\" aria-controls=\"elementor-tab-content-25714\" aria-expanded=\"false\">\n\t\t\t\t\t\t\t\t\t\t\t\t<span class=\"elementor-toggle-icon elementor-toggle-icon-left\" aria-hidden=\"true\">\n\t\t\t\t\t\t\t\t\t\t\t\t\t\t\t<span class=\"elementor-toggle-icon-closed\"><i class=\"fas fa-caret-right\"><\/i><\/span>\n\t\t\t\t\t\t\t\t<span class=\"elementor-toggle-icon-opened\"><i class=\"elementor-toggle-icon-opened fas fa-caret-up\"><\/i><\/span>\n\t\t\t\t\t\t\t\t\t\t\t\t\t<\/span>\n\t\t\t\t\t\t\t\t\t\t\t\t<a class=\"elementor-toggle-title\" tabindex=\"0\">Comment s\u2019organise la vie quotidienne, les enfants y participent-ils ?<\/a>\n\t\t\t\t\t<\/div>\n\n\t\t\t\t\t<div id=\"elementor-tab-content-25714\" class=\"elementor-tab-content elementor-clearfix\" data-tab=\"14\" role=\"region\" aria-labelledby=\"elementor-tab-title-25714\"><p style=\"text-align: justify;\">Chaque participant au s\u00e9jour, enfant ou adulte, s\u2019engage \u00e0 respecter les personnes et les biens qui l\u2019entourent\u00a0ainsi que les r\u00e8gles \u00e9l\u00e9mentaires de bonne conduite n\u00e9cessaires \u00e0 la vie de groupe.<\/p>\n<p style=\"text-align: justify;\">Pour ce qui est de la vie quotidienne, c\u2019est un choix \u00e9ducatif de la part de l\u2019association de rendre les enfants et les adolescent acteurs de leurs vacances et non de simples consommateurs. C\u2019est pour cela que suivant les s\u00e9jours, ils participent \u00e0 l\u2019\u00e9laboration des r\u00e8gles de vie, \u00e0 la pr\u00e9paration des repas, \u00e0 mettre la table et d\u00e9barrasser, \u00e0 la vaisselle,\u00a0mais aussi aux temps calmes, aux veill\u00e9es, etc. Tous ces moments qui font d\u2019un s\u00e9jour un moment de partage et de convivialit\u00e9 !<\/p>\n<p style=\"text-align: justify;\">Une attention particuli\u00e8re est aussi port\u00e9e \u00e0 l\u2019hygi\u00e8ne (toilette, douche, brossage des dents, etc.) et au rangement des tentes\/chambres.\u00a0<\/p><\/div>\n\t\t\t\t<\/div>\n\t\t\t\t\t\t\t<div class=\"elementor-toggle-item\">\n\t\t\t\t\t<div id=\"elementor-tab-title-25715\" class=\"elementor-tab-title\" data-tab=\"15\" role=\"button\" aria-controls=\"elementor-tab-content-25715\" aria-expanded=\"false\">\n\t\t\t\t\t\t\t\t\t\t\t\t<span class=\"elementor-toggle-icon elementor-toggle-icon-left\" aria-hidden=\"true\">\n\t\t\t\t\t\t\t\t\t\t\t\t\t\t\t<span class=\"elementor-toggle-icon-closed\"><i class=\"fas fa-caret-right\"><\/i><\/span>\n\t\t\t\t\t\t\t\t<span class=\"elementor-toggle-icon-opened\"><i class=\"elementor-toggle-icon-opened fas fa-caret-up\"><\/i><\/span>\n\t\t\t\t\t\t\t\t\t\t\t\t\t<\/span>\n\t\t\t\t\t\t\t\t\t\t\t\t<a class=\"elementor-toggle-title\" tabindex=\"0\">Puis-je \u00eatre s\u00fbr(e) qu\u2019aucune affaire ne sera perdue, vol\u00e9e ou cass\u00e9e ?<\/a>\n\t\t\t\t\t<\/div>\n\n\t\t\t\t\t<div id=\"elementor-tab-content-25715\" class=\"elementor-tab-content elementor-clearfix\" data-tab=\"15\" role=\"region\" aria-labelledby=\"elementor-tab-title-25715\"><p style=\"text-align: justify;\">Non, c\u2019est impossible. Malgr\u00e9 tous nos efforts, nous ne pouvons pas vous garantir que rien ne sera perdu, vol\u00e9 ou cass\u00e9. Donc \u00e9vitez les objets de valeur et les v\u00eatements de marque.<\/p>\n<p style=\"text-align: justify;\">Nous ne saurions \u00eatre tenus pour responsables de la disparition ou la casse d\u2019objets personnels. Bien marqu\u00e9es, elles seront redistribu\u00e9es plus ais\u00e9ment. Nous faisons circuler g\u00e9n\u00e9ralement des photos des \u00ab\u00a0oubli\u00e9s \u00bb &#8230; N\u2019h\u00e9sitez pas \u00e0 v\u00e9rifier et \u00e0 nous demander.<\/p><\/div>\n\t\t\t\t<\/div>\n\t\t\t\t\t\t\t<div class=\"elementor-toggle-item\">\n\t\t\t\t\t<div id=\"elementor-tab-title-25716\" class=\"elementor-tab-title\" data-tab=\"16\" role=\"button\" aria-controls=\"elementor-tab-content-25716\" aria-expanded=\"false\">\n\t\t\t\t\t\t\t\t\t\t\t\t<span class=\"elementor-toggle-icon elementor-toggle-icon-left\" aria-hidden=\"true\">\n\t\t\t\t\t\t\t\t\t\t\t\t\t\t\t<span class=\"elementor-toggle-icon-closed\"><i class=\"fas fa-caret-right\"><\/i><\/span>\n\t\t\t\t\t\t\t\t<span class=\"elementor-toggle-icon-opened\"><i class=\"elementor-toggle-icon-opened fas fa-caret-up\"><\/i><\/span>\n\t\t\t\t\t\t\t\t\t\t\t\t\t<\/span>\n\t\t\t\t\t\t\t\t\t\t\t\t<a class=\"elementor-toggle-title\" tabindex=\"0\">Peut-on joindre les enfants pendant le s\u00e9jour et comment avoir des nouvelles ?<\/a>\n\t\t\t\t\t<\/div>\n\n\t\t\t\t\t<div id=\"elementor-tab-content-25716\" class=\"elementor-tab-content elementor-clearfix\" data-tab=\"16\" role=\"region\" aria-labelledby=\"elementor-tab-title-25716\"><p style=\"text-align: justify;\">Les \u00ab colos \u00bb sont, pour les enfants et les ados, des moments privil\u00e9gi\u00e9s de vie en groupe, de partage, de d\u00e9couvertes\u2026 qui doivent repr\u00e9senter une coupure avec la famille. Malgr\u00e9 tout, il n\u2019est pas envisageable de \u00ab couper toute\u00a0communication \u00bb\u2026 mais choisissons\u00a0\u00a0de parler du groupe au lieu\u00a0de chaque individu (s\u2019il y avait un probl\u00e8me, le directeur vous contacte bien s\u00fbr).<\/p><p style=\"text-align: justify;\">Pour avoir des nouvelles du groupe pendant le s\u00e9jour\u00a0:<\/p><p style=\"text-align: justify;\">Consultez la page Facebook et\/ou un blog.<\/p><p style=\"text-align: justify;\">De pr\u00e9f\u00e9rence,\u00a0\u00e9crivez et envoyez une carte postale ou une lettre par courrier\u00a0(l\u2019adresse vous sera communiqu\u00e9e avant le s\u00e9jour).\u00a0\u00a0Nous vous le recommandons fortement car une carte \u00e7a reste, \u00e7a se regarde, \u00e7a se touche, \u00e7a se relit ind\u00e9finiment\u2026 \u00a0 Pr\u00e9parez dans son sac, des enveloppes timbr\u00e9es avec les adresses de la famille\u00a0pour que votre enfant puisse lui aussi envoyer des cartes postales.<\/p><p style=\"text-align: justify;\">Le t\u00e9l\u00e9phone portable nuit \u00e0 la vie en groupe. Suivant l\u2019\u00e2ge, son utilisation sera limit\u00e9e dans le temps.<\/p><p style=\"text-align: justify;\">N\u2019oubliez pas, nous sommes toujours \u00e0 votre disposition avant le s\u00e9jour en cas d\u2019inqui\u00e9tudes et vous pourrez joindre le directeur pendant le s\u00e9jour en cas d\u2019urgence ou cas particuliers.<\/p><\/div>\n\t\t\t\t<\/div>\n\t\t\t\t\t\t\t<div class=\"elementor-toggle-item\">\n\t\t\t\t\t<div id=\"elementor-tab-title-25717\" class=\"elementor-tab-title\" data-tab=\"17\" role=\"button\" aria-controls=\"elementor-tab-content-25717\" aria-expanded=\"false\">\n\t\t\t\t\t\t\t\t\t\t\t\t<span class=\"elementor-toggle-icon elementor-toggle-icon-left\" aria-hidden=\"true\">\n\t\t\t\t\t\t\t\t\t\t\t\t\t\t\t<span class=\"elementor-toggle-icon-closed\"><i class=\"fas fa-caret-right\"><\/i><\/span>\n\t\t\t\t\t\t\t\t<span class=\"elementor-toggle-icon-opened\"><i class=\"elementor-toggle-icon-opened fas fa-caret-up\"><\/i><\/span>\n\t\t\t\t\t\t\t\t\t\t\t\t\t<\/span>\n\t\t\t\t\t\t\t\t\t\t\t\t<a class=\"elementor-toggle-title\" tabindex=\"0\">Les jeunes auront-ils du temps libre ?<\/a>\n\t\t\t\t\t<\/div>\n\n\t\t\t\t\t<div id=\"elementor-tab-content-25717\" class=\"elementor-tab-content elementor-clearfix\" data-tab=\"17\" role=\"region\" aria-labelledby=\"elementor-tab-title-25717\"><p style=\"text-align: justify;\">Par \u00ab temps libre \u00bb, nous distinguons deux choses\u00a0:<\/p><p style=\"text-align: justify;\">Les moments entre les activit\u00e9s ou apr\u00e8s les repas qui sont consacr\u00e9s au repos, \u00e0 l\u2019\u00e9criture des cartes postales, aux jeux de soci\u00e9t\u00e9, etc.<\/p><p style=\"text-align: justify;\">et pour les adolescents, des \u00ab quartiers libres \u00bb, selon les lieux,\u00a0\u00a0pour faire du shopping, se balader dans un village, etc.<\/p><p style=\"text-align: justify;\">Attention : ces moments sont r\u00e8glement\u00e9s par l&rsquo;\u00e9quipe au niveau de la dur\u00e9e et du p\u00e9rim\u00e8tre. Un jeune ne part jamais seul, toujours par petit groupe sur un temps limit\u00e9.<\/p><p style=\"text-align: justify;\">Pendant ce temps, l&rsquo;\u00e9quipe d&rsquo;animation est pr\u00e9sente et tourne aussi sur le m\u00eame lieu, des rep\u00e8res sont donn\u00e9s aux jeunes (plan, monuments rep\u00e9r\u00e9s \u00e0 l&rsquo;avance, N\u00b0 de t\u00e9l\u00e9phone du directeur, coordonn\u00e9es du lieu d&rsquo;h\u00e9bergement&#8230;) afin d&rsquo;\u00e9viter tout risque.<\/p><\/div>\n\t\t\t\t<\/div>\n\t\t\t\t\t\t\t<div class=\"elementor-toggle-item\">\n\t\t\t\t\t<div id=\"elementor-tab-title-25718\" class=\"elementor-tab-title\" data-tab=\"18\" role=\"button\" aria-controls=\"elementor-tab-content-25718\" aria-expanded=\"false\">\n\t\t\t\t\t\t\t\t\t\t\t\t<span class=\"elementor-toggle-icon elementor-toggle-icon-left\" aria-hidden=\"true\">\n\t\t\t\t\t\t\t\t\t\t\t\t\t\t\t<span class=\"elementor-toggle-icon-closed\"><i class=\"fas fa-caret-right\"><\/i><\/span>\n\t\t\t\t\t\t\t\t<span class=\"elementor-toggle-icon-opened\"><i class=\"elementor-toggle-icon-opened fas fa-caret-up\"><\/i><\/span>\n\t\t\t\t\t\t\t\t\t\t\t\t\t<\/span>\n\t\t\t\t\t\t\t\t\t\t\t\t<a class=\"elementor-toggle-title\" tabindex=\"0\">Les jeunes ont-ils le droit de fumer ou de consommer de l\u2019alcool ou des drogues ?<\/a>\n\t\t\t\t\t<\/div>\n\n\t\t\t\t\t<div id=\"elementor-tab-content-25718\" class=\"elementor-tab-content elementor-clearfix\" data-tab=\"18\" role=\"region\" aria-labelledby=\"elementor-tab-title-25718\"><p><span style=\"text-align: justify;\">L\u2019usage de drogue, alcool, tabac, le vol sous toutes ses formes, la pratique de l&rsquo;auto-stop, sont strictement interdits sur nos s\u00e9jours de vacances.<\/span><\/p><\/div>\n\t\t\t\t<\/div>\n\t\t\t\t\t\t\t\t<\/div>\n\t\t\t\t\t\t<\/div>\n\t\t\t\t<\/div>\n\t\t\t\t<div class=\"elementor-element elementor-element-2029894 elementor-widget elementor-widget-text-editor\" data-id=\"2029894\" data-element_type=\"widget\" data-e-type=\"widget\" data-widget_type=\"text-editor.default\">\n\t\t\t\t<div class=\"elementor-widget-container\">\n\t\t\t\t\t\t\t\t\t<p>N&rsquo;h\u00e9sitez pas \u00e0 prendre contact avec nous par t\u00e9l\u00e9phone ou par email si vous avez d&rsquo;autres interrogations.\u00a0<\/p>\t\t\t\t\t\t\t\t<\/div>\n\t\t\t\t<\/div>\n\t\t\t\t\t<\/div>\n\t\t<\/div>\n\t\t\t\t<div class=\"elementor-column elementor-col-33 elementor-top-column elementor-element elementor-element-53343c77\" data-id=\"53343c77\" data-element_type=\"column\" data-e-type=\"column\">\n\t\t\t<div class=\"elementor-widget-wrap\">\n\t\t\t\t\t\t\t<\/div>\n\t\t<\/div>\n\t\t\t\t\t<\/div>\n\t\t<\/section>\n\t\t\t\t<section class=\"elementor-section elementor-top-section elementor-element elementor-element-913f4b5 elementor-section-boxed elementor-section-height-default elementor-section-height-default\" data-id=\"913f4b5\" data-element_type=\"section\" data-e-type=\"section\" data-settings=\"{&quot;background_background&quot;:&quot;classic&quot;}\">\n\t\t\t\t\t\t<div class=\"elementor-container elementor-column-gap-default\">\n\t\t\t\t\t<div class=\"elementor-column elementor-col-100 elementor-top-column elementor-element elementor-element-6fb301c\" data-id=\"6fb301c\" data-element_type=\"column\" data-e-type=\"column\">\n\t\t\t<div class=\"elementor-widget-wrap\">\n\t\t\t\t\t\t\t<\/div>\n\t\t<\/div>\n\t\t\t\t\t<\/div>\n\t\t<\/section>\n\t\t\t\t<section class=\"elementor-section elementor-top-section elementor-element elementor-element-47866cdb elementor-section-full_width elementor-section-height-default elementor-section-height-default\" data-id=\"47866cdb\" data-element_type=\"section\" data-e-type=\"section\" data-settings=\"{&quot;background_background&quot;:&quot;classic&quot;}\">\n\t\t\t\t\t\t<div class=\"elementor-container elementor-column-gap-no\">\n\t\t\t\t\t<div class=\"elementor-column elementor-col-25 elementor-top-column elementor-element elementor-element-726598b2\" data-id=\"726598b2\" data-element_type=\"column\" data-e-type=\"column\" data-settings=\"{&quot;background_background&quot;:&quot;classic&quot;}\">\n\t\t\t<div class=\"elementor-widget-wrap\">\n\t\t\t\t\t\t\t<\/div>\n\t\t<\/div>\n\t\t\t\t<div class=\"elementor-column elementor-col-25 elementor-top-column elementor-element elementor-element-465bbd50\" data-id=\"465bbd50\" data-element_type=\"column\" data-e-type=\"column\" data-settings=\"{&quot;background_background&quot;:&quot;classic&quot;}\">\n\t\t\t<div class=\"elementor-widget-wrap elementor-element-populated\">\n\t\t\t\t\t\t<div class=\"elementor-element elementor-element-447ed00f elementor-align-center elementor-widget elementor-widget-button\" data-id=\"447ed00f\" data-element_type=\"widget\" data-e-type=\"widget\" data-widget_type=\"button.default\">\n\t\t\t\t<div class=\"elementor-widget-container\">\n\t\t\t\t\t\t\t\t\t<div class=\"elementor-button-wrapper\">\n\t\t\t\t\t<a class=\"elementor-button elementor-button-link elementor-size-md\" href=\"https:\/\/soanimation.fr\/index.php\/conditions-generales-dinscription\/\">\n\t\t\t\t\t\t<span class=\"elementor-button-content-wrapper\">\n\t\t\t\t\t\t\t\t\t<span class=\"elementor-button-text\">Conditions G\u00e9n\u00e9rales <\/span>\n\t\t\t\t\t<\/span>\n\t\t\t\t\t<\/a>\n\t\t\t\t<\/div>\n\t\t\t\t\t\t\t\t<\/div>\n\t\t\t\t<\/div>\n\t\t\t\t\t<\/div>\n\t\t<\/div>\n\t\t\t\t<div class=\"elementor-column elementor-col-25 elementor-top-column elementor-element elementor-element-9b4c6c5\" data-id=\"9b4c6c5\" data-element_type=\"column\" data-e-type=\"column\" data-settings=\"{&quot;background_background&quot;:&quot;classic&quot;}\">\n\t\t\t<div class=\"elementor-widget-wrap elementor-element-populated\">\n\t\t\t\t\t\t<div class=\"elementor-element elementor-element-6b2ebf5f elementor-align-center elementor-widget elementor-widget-button\" data-id=\"6b2ebf5f\" data-element_type=\"widget\" data-e-type=\"widget\" data-widget_type=\"button.default\">\n\t\t\t\t<div class=\"elementor-widget-container\">\n\t\t\t\t\t\t\t\t\t<div class=\"elementor-button-wrapper\">\n\t\t\t\t\t<a class=\"elementor-button elementor-button-link elementor-size-md\" href=\"https:\/\/soanimation.fr\/index.php\/sinscrire\/\">\n\t\t\t\t\t\t<span class=\"elementor-button-content-wrapper\">\n\t\t\t\t\t\t\t\t\t<span class=\"elementor-button-text\">Comment s'inscrire<\/span>\n\t\t\t\t\t<\/span>\n\t\t\t\t\t<\/a>\n\t\t\t\t<\/div>\n\t\t\t\t\t\t\t\t<\/div>\n\t\t\t\t<\/div>\n\t\t\t\t\t<\/div>\n\t\t<\/div>\n\t\t\t\t<div class=\"elementor-column elementor-col-25 elementor-top-column elementor-element elementor-element-55a7c01b\" data-id=\"55a7c01b\" data-element_type=\"column\" data-e-type=\"column\">\n\t\t\t<div class=\"elementor-widget-wrap\">\n\t\t\t\t\t\t\t<\/div>\n\t\t<\/div>\n\t\t\t\t\t<\/div>\n\t\t<\/section>\n\t\t\t\t<section class=\"elementor-section elementor-top-section elementor-element elementor-element-db7d7d2 elementor-section-full_width elementor-section-height-default elementor-section-height-default\" data-id=\"db7d7d2\" data-element_type=\"section\" data-e-type=\"section\" data-settings=\"{&quot;background_background&quot;:&quot;classic&quot;}\">\n\t\t\t\t\t\t<div class=\"elementor-container elementor-column-gap-no\">\n\t\t\t\t\t<div class=\"elementor-column elementor-col-33 elementor-top-column elementor-element elementor-element-63db000a\" data-id=\"63db000a\" data-element_type=\"column\" data-e-type=\"column\">\n\t\t\t<div class=\"elementor-widget-wrap\">\n\t\t\t\t\t\t\t<\/div>\n\t\t<\/div>\n\t\t\t\t<div class=\"elementor-column elementor-col-33 elementor-top-column elementor-element elementor-element-5832fe2e\" data-id=\"5832fe2e\" data-element_type=\"column\" data-e-type=\"column\" data-settings=\"{&quot;background_background&quot;:&quot;classic&quot;}\">\n\t\t\t<div class=\"elementor-widget-wrap elementor-element-populated\">\n\t\t\t\t\t\t<div class=\"elementor-element elementor-element-7ccbc53e elementor-align-center elementor-widget elementor-widget-button\" data-id=\"7ccbc53e\" data-element_type=\"widget\" data-e-type=\"widget\" data-widget_type=\"button.default\">\n\t\t\t\t<div class=\"elementor-widget-container\">\n\t\t\t\t\t\t\t\t\t<div class=\"elementor-button-wrapper\">\n\t\t\t\t\t<a class=\"elementor-button elementor-button-link elementor-size-md\" href=\"https:\/\/soanimation.fr\/index.php\/les-sejours\/\">\n\t\t\t\t\t\t<span class=\"elementor-button-content-wrapper\">\n\t\t\t\t\t\t\t\t\t<span class=\"elementor-button-text\">Les s\u00e9jours<\/span>\n\t\t\t\t\t<\/span>\n\t\t\t\t\t<\/a>\n\t\t\t\t<\/div>\n\t\t\t\t\t\t\t\t<\/div>\n\t\t\t\t<\/div>\n\t\t\t\t\t<\/div>\n\t\t<\/div>\n\t\t\t\t<div class=\"elementor-column elementor-col-33 elementor-top-column elementor-element elementor-element-265805e6\" data-id=\"265805e6\" data-element_type=\"column\" data-e-type=\"column\">\n\t\t\t<div class=\"elementor-widget-wrap\">\n\t\t\t\t\t\t\t<\/div>\n\t\t<\/div>\n\t\t\t\t\t<\/div>\n\t\t<\/section>\n\t\t\t\t<section class=\"elementor-section elementor-top-section elementor-element elementor-element-29ce0e48 elementor-section-content-middle elementor-section-boxed elementor-section-height-default elementor-section-height-default\" data-id=\"29ce0e48\" data-element_type=\"section\" data-e-type=\"section\" data-settings=\"{&quot;background_background&quot;:&quot;classic&quot;}\">\n\t\t\t\t\t\t<div class=\"elementor-container elementor-column-gap-no\">\n\t\t\t\t\t<div class=\"elementor-column elementor-col-25 elementor-top-column elementor-element elementor-element-625fff5c\" data-id=\"625fff5c\" data-element_type=\"column\" data-e-type=\"column\">\n\t\t\t<div class=\"elementor-widget-wrap\">\n\t\t\t\t\t\t\t<\/div>\n\t\t<\/div>\n\t\t\t\t<div class=\"elementor-column elementor-col-50 elementor-top-column elementor-element elementor-element-4bfbf85f\" data-id=\"4bfbf85f\" data-element_type=\"column\" data-e-type=\"column\" data-settings=\"{&quot;background_background&quot;:&quot;classic&quot;}\">\n\t\t\t<div class=\"elementor-widget-wrap elementor-element-populated\">\n\t\t\t\t\t\t<div class=\"elementor-element elementor-element-949d3e7 elementor-widget elementor-widget-spacer\" data-id=\"949d3e7\" data-element_type=\"widget\" data-e-type=\"widget\" data-widget_type=\"spacer.default\">\n\t\t\t\t<div class=\"elementor-widget-container\">\n\t\t\t\t\t\t\t<div class=\"elementor-spacer\">\n\t\t\t<div class=\"elementor-spacer-inner\"><\/div>\n\t\t<\/div>\n\t\t\t\t\t\t<\/div>\n\t\t\t\t<\/div>\n\t\t\t\t\t<\/div>\n\t\t<\/div>\n\t\t\t\t<div class=\"elementor-column elementor-col-25 elementor-top-column elementor-element elementor-element-66a594c2\" data-id=\"66a594c2\" data-element_type=\"column\" data-e-type=\"column\">\n\t\t\t<div class=\"elementor-widget-wrap\">\n\t\t\t\t\t\t\t<\/div>\n\t\t<\/div>\n\t\t\t\t\t<\/div>\n\t\t<\/section>\n\t\t\t\t<\/div>\n\t\t","protected":false},"excerpt":{"rendered":"<p>Foire aux questions INFOS S\u00c9JOUR 05 56 37 20 08 Des interrogations ? Retrouvez les r\u00e9ponses aux diff\u00e9rences questions les plus souvent pos\u00e9es. Est-il possible de venir avec un copain ? Oui, il est\u00a0tout \u00e0 fait possible\u00a0de venir sur un s\u00e9jour SOA avec un(e) ami(e) et de\u00a0partager la m\u00eame chambre. [&hellip;]<\/p>\n","protected":false},"author":1,"featured_media":0,"parent":1132,"menu_order":0,"comment_status":"closed","ping_status":"closed","template":"elementor_header_footer","meta":{"footnotes":""},"class_list":["post-1209","page","type-page","status-publish","hentry"],"_links":{"self":[{"href":"https:\/\/soanimation.fr\/index.php\/wp-json\/wp\/v2\/pages\/1209"}],"collection":[{"href":"https:\/\/soanimation.fr\/index.php\/wp-json\/wp\/v2\/pages"}],"about":[{"href":"https:\/\/soanimation.fr\/index.php\/wp-json\/wp\/v2\/types\/page"}],"author":[{"embeddable":true,"href":"https:\/\/soanimation.fr\/index.php\/wp-json\/wp\/v2\/users\/1"}],"replies":[{"embeddable":true,"href":"https:\/\/soanimation.fr\/index.php\/wp-json\/wp\/v2\/comments?post=1209"}],"version-history":[{"count":80,"href":"https:\/\/soanimation.fr\/index.php\/wp-json\/wp\/v2\/pages\/1209\/revisions"}],"predecessor-version":[{"id":3786,"href":"https:\/\/soanimation.fr\/index.php\/wp-json\/wp\/v2\/pages\/1209\/revisions\/3786"}],"up":[{"embeddable":true,"href":"https:\/\/soanimation.fr\/index.php\/wp-json\/wp\/v2\/pages\/1132"}],"wp:attachment":[{"href":"https:\/\/soanimation.fr\/index.php\/wp-json\/wp\/v2\/media?parent=1209"}],"curies":[{"name":"wp","href":"https:\/\/api.w.org\/{rel}","templated":true}]}}